{"id":71,"date":"2016-03-02T11:11:06","date_gmt":"2016-03-02T11:11:06","guid":{"rendered":"http:\/\/amrumer-zentralmarkt-test.de\/?page_id=71"},"modified":"2026-03-26T10:56:05","modified_gmt":"2026-03-26T10:56:05","slug":"startseite","status":"publish","type":"page","link":"https:\/\/amrumer-zentralmarkt.de\/","title":{"rendered":"Startseite"},"content":{"rendered":"<p>[et_pb_section fb_built=&#8220;1&#8243; fullwidth=&#8220;on&#8220; admin_label=&#8220;Sektion&#8220; _builder_version=&#8220;3.22&#8243;][et_pb_fullwidth_image src=&#8220;http:\/\/amrumer-zentralmarkt-test.de\/wp-content\/uploads\/2016\/03\/HEADDER-2016-1.jpg&#8220; admin_label=&#8220;Volle Breite des Bildes&#8220; _builder_version=&#8220;3.0.87&#8243; animation_style=&#8220;fade&#8220; animation_duration=&#8220;500ms&#8220; animation=&#8220;fade_in&#8220; use_border_color=&#8220;off&#8220; border_color=&#8220;#ffffff&#8220; border_style=&#8220;solid&#8220;] [\/et_pb_fullwidth_image][et_pb_fullwidth_slider show_arrows=&#8220;off&#8220; show_pagination=&#8220;off&#8220; admin_label=&#8220;Vollbreiter Slider&#8220; _builder_version=&#8220;4.9.2&#8243; background_image=&#8220;http:\/\/amrumer-zentralmarkt.de\/wp-content\/uploads\/2016\/03\/IMG_8199.jpg&#8220; custom_padding=&#8220;|||&#8220; custom_padding_tablet=&#8220;|||&#8220; custom_padding_phone=&#8220;|||&#8220; auto=&#8220;on&#8220; auto_speed=&#8220;4000&#8243; box_shadow_style=&#8220;preset6&#8243; box_shadow_blur=&#8220;10px&#8220; box_shadow_color=&#8220;rgba(0,0,0,0.1)&#8220; remove_inner_shadow=&#8220;off&#8220; hide_content_on_mobile=&#8220;off&#8220; hide_cta_on_mobile=&#8220;off&#8220; show_inner_shadow=&#8220;on&#8220; button_letter_spacing_hover=&#8220;0&#8243; button_text_size__hover_enabled=&#8220;off&#8220; button_one_text_size__hover_enabled=&#8220;off&#8220; button_two_text_size__hover_enabled=&#8220;off&#8220; button_text_color__hover_enabled=&#8220;off&#8220; button_one_text_color__hover_enabled=&#8220;off&#8220; button_two_text_color__hover_enabled=&#8220;off&#8220; button_border_width__hover_enabled=&#8220;off&#8220; button_one_border_width__hover_enabled=&#8220;off&#8220; button_two_border_width__hover_enabled=&#8220;off&#8220; button_border_color__hover_enabled=&#8220;off&#8220; button_one_border_color__hover_enabled=&#8220;off&#8220; button_two_border_color__hover_enabled=&#8220;off&#8220; button_border_radius__hover_enabled=&#8220;off&#8220; button_one_border_radius__hover_enabled=&#8220;off&#8220; button_two_border_radius__hover_enabled=&#8220;off&#8220; button_letter_spacing__hover_enabled=&#8220;on&#8220; button_letter_spacing__hover=&#8220;0&#8243; button_one_letter_spacing__hover_enabled=&#8220;off&#8220; button_two_letter_spacing__hover_enabled=&#8220;off&#8220; button_bg_color__hover_enabled=&#8220;off&#8220; button_one_bg_color__hover_enabled=&#8220;off&#8220; button_two_bg_color__hover_enabled=&#8220;off&#8220;][et_pb_slide heading=&#8220;Willkommen im Amrumer Zentralmarkt&#8220; use_bg_overlay=&#8220;off&#8220; use_text_overlay=&#8220;off&#8220; _builder_version=&#8220;4.9.2&#8243; header_font=&#8220;||||&#8220; body_font=&#8220;||||&#8220; background_color=&#8220;#ffffff&#8220; background_image=&#8220;http:\/\/amrumer-zentralmarkt.de\/wp-content\/uploads\/2016\/03\/IMG_5921-3.jpg&#8220; background_enable_image=&#8220;on&#8220; button_icon_placement=&#8220;right&#8220; button_on_hover=&#8220;on&#8220; button_text_size__hover_enabled=&#8220;off&#8220; button_one_text_size__hover_enabled=&#8220;off&#8220; button_two_text_size__hover_enabled=&#8220;off&#8220; button_text_color__hover_enabled=&#8220;off&#8220; button_one_text_color__hover_enabled=&#8220;off&#8220; button_two_text_color__hover_enabled=&#8220;off&#8220; button_border_width__hover_enabled=&#8220;off&#8220; button_one_border_width__hover_enabled=&#8220;off&#8220; button_two_border_width__hover_enabled=&#8220;off&#8220; button_border_color__hover_enabled=&#8220;off&#8220; button_one_border_color__hover_enabled=&#8220;off&#8220; button_two_border_color__hover_enabled=&#8220;off&#8220; button_border_radius__hover_enabled=&#8220;off&#8220; button_one_border_radius__hover_enabled=&#8220;off&#8220; button_two_border_radius__hover_enabled=&#8220;off&#8220; button_letter_spacing__hover_enabled=&#8220;off&#8220; button_one_letter_spacing__hover_enabled=&#8220;off&#8220; button_two_letter_spacing__hover_enabled=&#8220;off&#8220; button_bg_color__hover_enabled=&#8220;off&#8220; button_one_bg_color__hover_enabled=&#8220;off&#8220; button_two_bg_color__hover_enabled=&#8220;off&#8220; sticky_transition=&#8220;on&#8220;][\/et_pb_slide][\/et_pb_fullwidth_slider][\/et_pb_section][et_pb_section fb_built=&#8220;1&#8243; _builder_version=&#8220;4.9.2&#8243; _module_preset=&#8220;default&#8220; custom_padding=&#8220;|||12px||&#8220;][et_pb_row column_structure=&#8220;1_2,1_2&#8243; _builder_version=&#8220;4.9.2&#8243; _module_preset=&#8220;default&#8220; custom_padding=&#8220;116px|||||&#8220;][et_pb_column type=&#8220;1_2&#8243; _builder_version=&#8220;3.25&#8243; custom_padding=&#8220;|||&#8220; custom_padding__hover=&#8220;|||&#8220;][et_pb_text _builder_version=&#8220;4.9.2&#8243; _module_preset=&#8220;default&#8220;]<\/p>\n<p><span style=\"color: #336699; font-family: Helvetica, Geneva, Arial, SunSans-Regular, sans-serif; font-size: small;\">.Wir bieten Ihnen eine Frischfleisch-Abteilung (deutsches Qualit\u00e4tsfleisch aus kontrollierter Aufzucht) EDEKA Gutfleisch. <strong>Rind und Lammfleisch aus der Region Uthlande( alle Tiere sind geboren und aufgezogen auf den nordfriesischen Inseln und Halligen)<\/strong>.Wir bieten Ihnen regionale Spezialit\u00e4ten sowie einer gro\u00dfen K\u00e4se- und Salatauswahl.<\/span><\/p>\n<p>Neu bei uns: Frisches Rindfleisch vom Hof Martinen aus S\u00fcddorf<\/p>\n<p><span style=\"color: #336699; font-family: Helvetica, Geneva, Arial, SunSans-Regular, sans-serif; font-size: small;\">Wir gestalten selbstverst\u00e4ndlich auch Feinschmeckerplatten f\u00fcr Ihre Festlichkeiten.\u00a0<\/span><\/p>\n<p><span style=\"color: #336699; font-family: Helvetica, Geneva, Arial, SunSans-Regular, sans-serif; font-size: small;\">Absolute Frische durch t\u00e4gliche Belieferung, kontrollierte Qualit\u00e4t und Fachkompetenz: Das ist unser Anspruch an die Obst- und Gem\u00fcseabteilung. <\/span><\/p>\n<p><span style=\"color: #336699; font-family: Helvetica, Geneva, Arial, SunSans-Regular, sans-serif; font-size: small;\">Zur Saisonzeit erhalten wir diverse Gem\u00fcsesorten von unserm Jung-Gem\u00fcsebauern Cornelius Hinrichs aus Wittd\u00fcn.<\/span><\/p>\n<p><span style=\"color: #336699; font-family: Helvetica, Geneva, Arial, SunSans-Regular, sans-serif; font-size: small;\">Im Backshop bieten wir Ihnen Brot, Br\u00f6tchen und weitere Backwaren der B\u00e4ckerei Schult aus Norddorf.<\/span><\/p>\n<p><span style=\"color: #336699; font-family: Helvetica, Geneva, Arial, SunSans-Regular, sans-serif; font-size: small;\">Wenn Sie eine gro\u00dfe Auswahl an Bio-Produkten suchen, sind Sie bei uns richtig! <\/span><\/p>\n<p><span style=\"color: #336699; font-family: Helvetica, Geneva, Arial, SunSans-Regular, sans-serif; font-size: small;\">In unserer Weinabteilung finden Sie \u00fcber 500 Sorten aus vielen L\u00e4ndern der Welt. In unserem Deutschwein\u2013Angebot bleibt fast kein Wunsch unerf\u00fcllt. Eine gro\u00dfe Auswahl vom Qualit\u00e4tswein bis zum Gro\u00dfen Gew\u00e4chs der VDP-Weing\u00fcter finden Sie in unserem Sortiment. Bei der Auswahl der Weine f\u00fcr Ihre Feste oder einen gem\u00fctlichen Abend zu zweit sind wir Ihnen gern behilflich. F\u00fcr besonders nette Feiern finden Sie Flaschengr\u00f6\u00dfen von 1,5l bis 18l bei uns.<\/span><\/p>\n<p>Unserer Weinfachmann G\u00fcnter Kroiss und ich beraten Sie gerne<\/p>\n<p><span style=\"color: #336699; font-family: Helvetica, Geneva, Arial, SunSans-Regular, sans-serif; font-size: small;\">In der Drogerie-Abteilung f\u00fchren wir eine gro\u00dfe Auswahl an Babynahrung und \u2013pflege, K\u00f6rperpflege, Tiernahrung, Haushalts- und Schreibwaren. Unser Service f\u00fcr Ihre Wohnung: Sapur-Teppichreinigungsger\u00e4t zwei Tage kostenlos, Farben- und Werkzeugabteilung, Meffert-Farbenmischmaschine. Ben\u00f6tigen Sie f\u00fcr Ihren Garten oder Ihre Terrasse M\u00f6bel oder Gartenwerkzeuge? Sie k\u00f6nnen diese bei uns bestellen \u2013 fragen Sie unsere Mitarbeiter nach den Katalogen.<\/span><\/p>\n<p><span style=\"color: #336699; font-family: Helvetica, Geneva, Arial, SunSans-Regular, sans-serif; font-size: small;\">Wir bieten einen Lieferservice f\u00fcr Amrumer und G\u00e4ste, t\u00e4glich ab 16.30 Uhr, samstags ab 11.00 Uhr: Bestellen Sie per Telefon, Fax oder E-Mail von zu Hause aus und wir liefern bei Ihrer Ankunft in Ihre Ferienwohnung oder Ihr Ferienhaus.<\/span><\/p>\n<p><span style=\"color: #336699; font-family: Helvetica, Geneva, Arial, SunSans-Regular, sans-serif; font-size: small;\">F\u00fcr Ihre Feste liefern wir Ihnen Lebensmittel und Getr\u00e4nke in Kommission. Falls wirklich etwas \u00fcbrig bleibt, holen wir es wieder ab.<\/span><\/p>\n<p>[\/et_pb_text][\/et_pb_column][et_pb_column type=&#8220;1_2&#8243; _builder_version=&#8220;3.25&#8243; custom_padding=&#8220;|||&#8220; custom_padding__hover=&#8220;|||&#8220;][et_pb_text admin_label=&#8220;\u00d6ffnungszeiten&#8220; _builder_version=&#8220;3.27.4&#8243; text_text_color=&#8220;#124d7a&#8220; background_color=&#8220;rgba(181,228,252,0.68)&#8220; background_size=&#8220;initial&#8220; background_position=&#8220;top_left&#8220; background_repeat=&#8220;repeat&#8220; custom_padding=&#8220;20px|20px|20px|20px&#8220; use_border_color=&#8220;off&#8220; border_color=&#8220;#124d7a&#8220; border_width=&#8220;2px&#8220; border_style=&#8220;groove&#8220;]<\/p>\n<h3 style=\"text-align: center;\"><span style=\"font-size: 22px;\">\u00a0 \u00a0<\/span><\/h3>\n<h3 style=\"text-align: center;\"><span style=\"color: #124d7a;\"><strong>\u00a0 \u00d6ffnungszeiten\u00a0<\/strong><\/span><\/h3>\n<p><span style=\"color: #124d7a;\"><strong><\/strong><\/span><\/p>\n<p style=\"text-align: center;\">Montag &#8211; Freitag<\/p>\n<p style=\"text-align: center;\">7.00 &#8211; 18.00 Uhr<\/p>\n<p style=\"text-align: center;\">Samstag<\/p>\n<p style=\"text-align: center;\">7.00 &#8211; 16.00 Uhr<\/p>\n<p style=\"text-align: center;\">Sonntag<\/p>\n<p style=\"text-align: center;\">11.00 &#8211; 14.00 Uhr<\/p>\n<p style=\"text-align: center;\">\n<p style=\"text-align: center;\"><strong>Fleischerei<\/strong><\/p>\n<p style=\"text-align: center;\">Montag\u00a0<\/p>\n<p style=\"text-align: center;\">\u00a07.00 &#8211; 18.00\u00a0<\/p>\n<p style=\"text-align: center;\">Dienstag &#8211; Donnerstag<\/p>\n<p style=\"text-align: center;\">7.00 &#8211; 13.00 Uhr<\/p>\n<p style=\"text-align: center;\">Freitag<\/p>\n<p style=\"text-align: center;\">7.00 &#8211; 18.00 Uhr<\/p>\n<p style=\"text-align: center;\">Samstag<\/p>\n<p style=\"text-align: center;\">7.00 &#8211; 13.00 Uhr<\/p>\n<p style=\"text-align: center;\">Sonntag<\/p>\n<p style=\"text-align: center;\">geschlossen<\/p>\n<p style=\"text-align: center;\">\n<p style=\"text-align: center;\">Ostern 2026<\/p>\n<p style=\"text-align: center;\">Karfreitag<\/p>\n<p style=\"text-align: center;\">geschlossen<\/p>\n<p style=\"text-align: center;\">Ostersamstag<\/p>\n<p style=\"text-align: center;\">7.00 &#8211; 18.00 Uhr<\/p>\n<p style=\"text-align: center;\">Ostersonntag &amp; Ostermontag<\/p>\n<p style=\"text-align: center;\">11.00 &#8211; 14.00 Uhr<\/p>\n<p style=\"text-align: center;\">\n<p style=\"text-align: center;\">Allen ein frohes Fest!<\/p>\n<p style=\"text-align: center;\">\n<p style=\"text-align: center;\">\n<p style=\"text-align: center;\">\n<p style=\"text-align: center;\">\n<p><strong>\u00a0 \u00a0 \u00a0 \u00a0 \u00a0 \u00a0 \u00a0 \u00a0 \u00a0 \u00a0 \u00a0 \u00a0 \u00a0 \u00a0 \u00a0 \u00a0 \u00a0 \u00a0 \u00a0\u00a0<\/strong><strong><\/strong><\/p>\n<p><strong>\u00a0 \u00a0 \u00a0 \u00a0 \u00a0 \u00a0 \u00a0 \u00a0 \u00a0 \u00a0 \u00a0 \u00a0 \u00a0 \u00a0 \u00a0 \u00a0 \u00a0 \u00a0 \u00a0 \u00a0 \u00a0 \u00a0 <\/strong><strong>\u00a0 \u00a0 \u00a0\u00a0<\/strong><\/p>\n<p>[\/et_pb_text][\/et_pb_column][\/et_pb_row][\/et_pb_section]<\/p>\n","protected":false},"excerpt":{"rendered":"<p>[et_pb_section fb_built=&#8220;1&#8243; fullwidth=&#8220;on&#8220; admin_label=&#8220;Sektion&#8220; _builder_version=&#8220;3.22&#8243;][et_pb_fullwidth_image src=&#8220;http:\/\/amrumer-zentralmarkt-test.de\/wp-content\/uploads\/2016\/03\/HEADDER-2016-1.jpg&#8220; admin_label=&#8220;Volle Breite des Bildes&#8220; _builder_version=&#8220;3.0.87&#8243; animation_style=&#8220;fade&#8220; animation_duration=&#8220;500ms&#8220; animation=&#8220;fade_in&#8220; use_border_color=&#8220;off&#8220; border_color=&#8220;#ffffff&#8220; border_style=&#8220;solid&#8220;] [\/et_pb_fullwidth_image][et_pb_fullwidth_slider show_arrows=&#8220;off&#8220; show_pagination=&#8220;off&#8220; admin_label=&#8220;Vollbreiter Slider&#8220; _builder_version=&#8220;4.9.2&#8243; background_image=&#8220;http:\/\/amrumer-zentralmarkt.de\/wp-content\/uploads\/2016\/03\/IMG_8199.jpg&#8220; custom_padding=&#8220;|||&#8220; custom_padding_tablet=&#8220;|||&#8220; custom_padding_phone=&#8220;|||&#8220; auto=&#8220;on&#8220; auto_speed=&#8220;4000&#8243; box_shadow_style=&#8220;preset6&#8243; box_shadow_blur=&#8220;10px&#8220; box_shadow_color=&#8220;rgba(0,0,0,0.1)&#8220; remove_inner_shadow=&#8220;off&#8220; hide_content_on_mobile=&#8220;off&#8220; hide_cta_on_mobile=&#8220;off&#8220; show_inner_shadow=&#8220;on&#8220; button_letter_spacing_hover=&#8220;0&#8243; button_text_size__hover_enabled=&#8220;off&#8220; button_one_text_size__hover_enabled=&#8220;off&#8220; button_two_text_size__hover_enabled=&#8220;off&#8220; button_text_color__hover_enabled=&#8220;off&#8220; button_one_text_color__hover_enabled=&#8220;off&#8220; button_two_text_color__hover_enabled=&#8220;off&#8220; button_border_width__hover_enabled=&#8220;off&#8220; button_one_border_width__hover_enabled=&#8220;off&#8220; button_two_border_width__hover_enabled=&#8220;off&#8220; button_border_color__hover_enabled=&#8220;off&#8220; button_one_border_color__hover_enabled=&#8220;off&#8220; button_two_border_color__hover_enabled=&#8220;off&#8220; button_border_radius__hover_enabled=&#8220;off&#8220; button_one_border_radius__hover_enabled=&#8220;off&#8220; button_two_border_radius__hover_enabled=&#8220;off&#8220; button_letter_spacing__hover_enabled=&#8220;on&#8220; button_letter_spacing__hover=&#8220;0&#8243; button_one_letter_spacing__hover_enabled=&#8220;off&#8220; [&hellip;]<\/p>\n","protected":false},"author":1,"featured_media":0,"parent":0,"menu_order":0,"comment_status":"closed","ping_status":"closed","template":"","meta":{"_et_pb_use_builder":"on","_et_pb_old_content":"","_et_gb_content_width":"","footnotes":""},"_links":{"self":[{"href":"https:\/\/amrumer-zentralmarkt.de\/index.php?rest_route=\/wp\/v2\/pages\/71"}],"collection":[{"href":"https:\/\/amrumer-zentralmarkt.de\/index.php?rest_route=\/wp\/v2\/pages"}],"about":[{"href":"https:\/\/amrumer-zentralmarkt.de\/index.php?rest_route=\/wp\/v2\/types\/page"}],"author":[{"embeddable":true,"href":"https:\/\/amrumer-zentralmarkt.de\/index.php?rest_route=\/wp\/v2\/users\/1"}],"replies":[{"embeddable":true,"href":"https:\/\/amrumer-zentralmarkt.de\/index.php?rest_route=%2Fwp%2Fv2%2Fcomments&post=71"}],"version-history":[{"count":211,"href":"https:\/\/amrumer-zentralmarkt.de\/index.php?rest_route=\/wp\/v2\/pages\/71\/revisions"}],"predecessor-version":[{"id":894,"href":"https:\/\/amrumer-zentralmarkt.de\/index.php?rest_route=\/wp\/v2\/pages\/71\/revisions\/894"}],"wp:attachment":[{"href":"https:\/\/amrumer-zentralmarkt.de\/index.php?rest_route=%2Fwp%2Fv2%2Fmedia&parent=71"}],"curies":[{"name":"wp","href":"https:\/\/api.w.org\/{rel}","templated":true}]}}